{"id":40,"date":"2026-07-20T23:49:26","date_gmt":"2026-07-20T23:49:26","guid":{"rendered":"https:\/\/imparte.org\/home\/"},"modified":"2026-08-06T01:34:06","modified_gmt":"2026-08-06T01:34:06","slug":"home","status":"publish","type":"page","link":"https:\/\/imparte.org\/es\/","title":{"rendered":"Inicio"},"content":{"rendered":"<div data-elementor-type=\"wp-page\" data-elementor-id=\"40\" class=\"elementor elementor-40\" data-elementor-post-type=\"page\">\n\t\t\t\t<div class=\"elementor-element elementor-element-54768fda e-con-full e-flex e-con e-parent\" data-id=\"54768fda\" data-element_type=\"container\" data-e-type=\"container\">\n\t\t<div class=\"elementor-element elementor-element-b3dbfd8 e-con-full e-flex e-con e-child\" data-id=\"b3dbfd8\" data-element_type=\"container\" data-e-type=\"container\">\n\t\t\t\t<div class=\"elementor-element elementor-element-43831e8d elementor-widget elementor-widget-heading\" data-id=\"43831e8d\" data-element_type=\"widget\" data-e-type=\"widget\" data-widget_type=\"heading.default\">\n\t\t\t\t\t<h1 class=\"elementor-heading-title elementor-size-default\">Promoviendo la justicia equitativa a trav\u00e9s de la defensa y la reforma<\/h1>\t\t\t\t<\/div>\n\t\t\t\t<div class=\"elementor-element elementor-element-322f706 elementor-widget-divider--view-line elementor-widget elementor-widget-divider\" data-id=\"322f706\" data-element_type=\"widget\" data-e-type=\"widget\" data-widget_type=\"divider.default\">\n\t\t\t\t\t\t\t<div class=\"elementor-divider\">\n\t\t\t<span class=\"elementor-divider-separator\">\n\t\t\t\t\t\t<\/span>\n\t\t<\/div>\n\t\t\t\t\t\t<\/div>\n\t\t\t\t<div class=\"elementor-element elementor-element-6f99c144 elementor-widget__width-initial elementor-widget-mobile__width-inherit elementor-widget elementor-widget-text-editor\" data-id=\"6f99c144\" data-element_type=\"widget\" data-e-type=\"widget\" data-widget_type=\"text-editor.default\">\n\t\t\t\t\t\t\t\t\t<p>IMPARTE impulsa sentencias justas y la reforma de la justicia penal a trav\u00e9s de la educaci\u00f3n comunitaria, la defensa y la investigaci\u00f3n basada en evidencia, apoyando a las personas y familias que el sistema deja atr\u00e1s.<\/p>\t\t\t\t\t\t\t\t<\/div>\n\t\t\t\t<div class=\"elementor-element elementor-element-6380de1e elementor-mobile-align-center elementor-invisible elementor-widget elementor-widget-button\" data-id=\"6380de1e\" data-element_type=\"widget\" data-e-type=\"widget\" data-settings=\"{&quot;_animation&quot;:&quot;fadeInDown&quot;}\" data-widget_type=\"button.default\">\n\t\t\t\t\t\t\t\t\t\t<a class=\"elementor-button elementor-button-link elementor-size-sm\" href=\"https:\/\/imparte.org\/es\/contact-us\/\">\n\t\t\t\t\t\t<span class=\"elementor-button-content-wrapper\">\n\t\t\t\t\t\t\t\t\t<span class=\"elementor-button-text\">Cont\u00e1ctanos<\/span>\n\t\t\t\t\t<\/span>\n\t\t\t\t\t<\/a>\n\t\t\t\t\t\t\t\t<\/div>\n\t\t\t\t<\/div>\n\t\t<div class=\"elementor-element elementor-element-59102c52 e-con-full e-flex e-con e-child\" data-id=\"59102c52\" data-element_type=\"container\" data-e-type=\"container\" data-settings=\"{&quot;background_background&quot;:&quot;classic&quot;}\">\n\t\t\t\t<\/div>\n\t\t\t\t<\/div>\n\t\t<div class=\"elementor-element elementor-element-5e07416a e-flex e-con-boxed e-con e-parent\" data-id=\"5e07416a\" data-element_type=\"container\" data-e-type=\"container\">\n\t\t\t\t\t<div class=\"e-con-inner\">\n\t\t\t\t<div class=\"elementor-element elementor-element-13ca4282 elementor-widget elementor-widget-heading\" data-id=\"13ca4282\" data-element_type=\"widget\" data-e-type=\"widget\" data-widget_type=\"heading.default\">\n\t\t\t\t\t<h2 class=\"elementor-heading-title elementor-size-default\">\u00bfPor qu\u00e9 existe IMPARTE?<\/h2>\t\t\t\t<\/div>\n\t\t<div class=\"elementor-element elementor-element-ef2ce77 e-con-full e-flex e-con e-child\" data-id=\"ef2ce77\" data-element_type=\"container\" data-e-type=\"container\">\n\t\t\t\t<div class=\"elementor-element elementor-element-cbde2b0 elementor-widget__width-initial elementor-widget-mobile__width-initial elementor-widget elementor-widget-image\" data-id=\"cbde2b0\" data-element_type=\"widget\" data-e-type=\"widget\" data-widget_type=\"image.default\">\n\t\t\t\t\t\t\t\t\t\t\t\t\t\t\t<img fetchpriority=\"high\" decoding=\"async\" width=\"2560\" height=\"1120\" src=\"https:\/\/imparte.org\/wp-content\/uploads\/2026\/08\/handcuffs-on-jail-cell-closed-metal-bar-door-pris-2026-03-17-05-30-55-utc-1-scaled.jpg\" class=\"attachment-full size-full wp-image-348\" alt=\"\" srcset=\"https:\/\/imparte.org\/wp-content\/uploads\/2026\/08\/handcuffs-on-jail-cell-closed-metal-bar-door-pris-2026-03-17-05-30-55-utc-1-scaled.jpg 2560w, https:\/\/imparte.org\/wp-content\/uploads\/2026\/08\/handcuffs-on-jail-cell-closed-metal-bar-door-pris-2026-03-17-05-30-55-utc-1-300x131.jpg 300w, https:\/\/imparte.org\/wp-content\/uploads\/2026\/08\/handcuffs-on-jail-cell-closed-metal-bar-door-pris-2026-03-17-05-30-55-utc-1-1024x448.jpg 1024w, https:\/\/imparte.org\/wp-content\/uploads\/2026\/08\/handcuffs-on-jail-cell-closed-metal-bar-door-pris-2026-03-17-05-30-55-utc-1-768x336.jpg 768w, https:\/\/imparte.org\/wp-content\/uploads\/2026\/08\/handcuffs-on-jail-cell-closed-metal-bar-door-pris-2026-03-17-05-30-55-utc-1-1536x672.jpg 1536w, https:\/\/imparte.org\/wp-content\/uploads\/2026\/08\/handcuffs-on-jail-cell-closed-metal-bar-door-pris-2026-03-17-05-30-55-utc-1-2048x896.jpg 2048w, https:\/\/imparte.org\/wp-content\/uploads\/2026\/08\/handcuffs-on-jail-cell-closed-metal-bar-door-pris-2026-03-17-05-30-55-utc-1-18x8.jpg 18w\" sizes=\"(max-width: 2560px) 100vw, 2560px\" \/>\t\t\t\t\t\t\t\t\t\t\t\t\t\t\t<\/div>\n\t\t<div class=\"elementor-element elementor-element-2d4385f9 e-con-full e-flex e-con e-child\" data-id=\"2d4385f9\" data-element_type=\"container\" data-e-type=\"container\" data-settings=\"{&quot;background_background&quot;:&quot;classic&quot;}\">\n\t\t\t\t<\/div>\n\t\t\t\t<div class=\"elementor-element elementor-element-62f9959d elementor-widget elementor-widget-image\" data-id=\"62f9959d\" data-element_type=\"widget\" data-e-type=\"widget\" data-widget_type=\"image.default\">\n\t\t\t\t\t\t\t\t\t\t\t\t\t\t\t<img decoding=\"async\" width=\"2560\" height=\"1708\" src=\"https:\/\/imparte.org\/wp-content\/uploads\/2026\/08\/people-raise-fists-in-solidarity-in-urban-setting-2026-01-09-11-07-29-utc-1-scaled.jpg\" class=\"attachment-full size-full wp-image-347\" alt=\"\" srcset=\"https:\/\/imparte.org\/wp-content\/uploads\/2026\/08\/people-raise-fists-in-solidarity-in-urban-setting-2026-01-09-11-07-29-utc-1-scaled.jpg 2560w, https:\/\/imparte.org\/wp-content\/uploads\/2026\/08\/people-raise-fists-in-solidarity-in-urban-setting-2026-01-09-11-07-29-utc-1-300x200.jpg 300w, https:\/\/imparte.org\/wp-content\/uploads\/2026\/08\/people-raise-fists-in-solidarity-in-urban-setting-2026-01-09-11-07-29-utc-1-1024x683.jpg 1024w, https:\/\/imparte.org\/wp-content\/uploads\/2026\/08\/people-raise-fists-in-solidarity-in-urban-setting-2026-01-09-11-07-29-utc-1-768x512.jpg 768w, https:\/\/imparte.org\/wp-content\/uploads\/2026\/08\/people-raise-fists-in-solidarity-in-urban-setting-2026-01-09-11-07-29-utc-1-1536x1025.jpg 1536w, https:\/\/imparte.org\/wp-content\/uploads\/2026\/08\/people-raise-fists-in-solidarity-in-urban-setting-2026-01-09-11-07-29-utc-1-2048x1366.jpg 2048w, https:\/\/imparte.org\/wp-content\/uploads\/2026\/08\/people-raise-fists-in-solidarity-in-urban-setting-2026-01-09-11-07-29-utc-1-18x12.jpg 18w\" sizes=\"(max-width: 2560px) 100vw, 2560px\" \/>\t\t\t\t\t\t\t\t\t\t\t\t\t\t\t<\/div>\n\t\t\t\t<\/div>\n\t\t<div class=\"elementor-element elementor-element-47bb9e4b e-con-full e-flex e-con e-child\" data-id=\"47bb9e4b\" data-element_type=\"container\" data-e-type=\"container\">\n\t\t\t\t<div class=\"elementor-element elementor-element-1cb18cf4 elementor-widget elementor-widget-text-editor\" data-id=\"1cb18cf4\" data-element_type=\"widget\" data-e-type=\"widget\" data-widget_type=\"text-editor.default\">\n\t\t\t\t\t\t\t\t\t<p>IMPARTE es una organizaci\u00f3n sin fines de lucro que promueve la justicia equitativa a trav\u00e9s de la educaci\u00f3n comunitaria, la defensa y la reforma sist\u00e9mica. Existimos porque los resultados en casos similares con demasiada frecuencia dependen de qui\u00e9n es una persona en lugar de lo que realmente sucedi\u00f3, y porque aquellos m\u00e1s afectados por el sistema rara vez son quienes lo moldean.<\/p><p>Apoyamos a las personas y familias afectadas por el sistema de justicia penal, y trabajamos para poner fin a las sentencias desproporcionadas a trav\u00e9s de investigaciones verificadas, transparencia y pol\u00edticas basadas en la dignidad, la seguridad p\u00fablica y la rehabilitaci\u00f3n.<\/p>\t\t\t\t\t\t\t\t<\/div>\n\t\t\t\t<div class=\"elementor-element elementor-element-31da2c37 elementor-align-center elementor-invisible elementor-widget elementor-widget-button\" data-id=\"31da2c37\" data-element_type=\"widget\" data-e-type=\"widget\" data-settings=\"{&quot;_animation&quot;:&quot;fadeInDown&quot;}\" data-widget_type=\"button.default\">\n\t\t\t\t\t\t\t\t\t\t<a class=\"elementor-button elementor-button-link elementor-size-sm\" href=\"https:\/\/imparte.org\/es\/about\/\">\n\t\t\t\t\t\t<span class=\"elementor-button-content-wrapper\">\n\t\t\t\t\t\t\t\t\t<span class=\"elementor-button-text\">M\u00e1s informaci\u00f3n<\/span>\n\t\t\t\t\t<\/span>\n\t\t\t\t\t<\/a>\n\t\t\t\t\t\t\t\t<\/div>\n\t\t\t\t<\/div>\n\t\t\t\t\t<\/div>\n\t\t\t\t<\/div>\n\t\t<div class=\"elementor-element elementor-element-603cf9f8 e-con-full e-flex e-con e-parent\" data-id=\"603cf9f8\" data-element_type=\"container\" data-e-type=\"container\">\n\t\t\t\t<div class=\"elementor-element elementor-element-504061a3 elementor-widget elementor-widget-heading\" data-id=\"504061a3\" data-element_type=\"widget\" data-e-type=\"widget\" data-widget_type=\"heading.default\">\n\t\t\t\t\t<h2 class=\"elementor-heading-title elementor-size-default\">Lo que hacemos\n<\/h2>\t\t\t\t<\/div>\n\t\t<div class=\"elementor-element elementor-element-750aab8a e-con-full e-flex e-con e-child\" data-id=\"750aab8a\" data-element_type=\"container\" data-e-type=\"container\">\n\t\t<div class=\"elementor-element elementor-element-10f72d55 e-con-full e-flex e-con e-child\" data-id=\"10f72d55\" data-element_type=\"container\" data-e-type=\"container\">\n\t\t\t\t<div class=\"elementor-element elementor-element-66da657e elementor-position-top elementor-widget elementor-widget-image-box\" data-id=\"66da657e\" data-element_type=\"widget\" data-e-type=\"widget\" data-widget_type=\"image-box.default\">\n\t\t\t\t\t<div class=\"elementor-image-box-wrapper\"><figure class=\"elementor-image-box-img\"><a href=\"https:\/\/library.elementor.com\/local-services-wireframe-3-flexbox\/services\/#service1\" tabindex=\"-1\"><img decoding=\"async\" width=\"2560\" height=\"1707\" src=\"https:\/\/imparte.org\/wp-content\/uploads\/2026\/08\/legal-professional-with-scales-of-justice-and-gave-2026-01-09-00-56-20-utc-1-scaled.jpg\" class=\"attachment-full size-full wp-image-355\" alt=\"\" srcset=\"https:\/\/imparte.org\/wp-content\/uploads\/2026\/08\/legal-professional-with-scales-of-justice-and-gave-2026-01-09-00-56-20-utc-1-scaled.jpg 2560w, https:\/\/imparte.org\/wp-content\/uploads\/2026\/08\/legal-professional-with-scales-of-justice-and-gave-2026-01-09-00-56-20-utc-1-300x200.jpg 300w, https:\/\/imparte.org\/wp-content\/uploads\/2026\/08\/legal-professional-with-scales-of-justice-and-gave-2026-01-09-00-56-20-utc-1-1024x683.jpg 1024w, https:\/\/imparte.org\/wp-content\/uploads\/2026\/08\/legal-professional-with-scales-of-justice-and-gave-2026-01-09-00-56-20-utc-1-768x512.jpg 768w, https:\/\/imparte.org\/wp-content\/uploads\/2026\/08\/legal-professional-with-scales-of-justice-and-gave-2026-01-09-00-56-20-utc-1-1536x1024.jpg 1536w, https:\/\/imparte.org\/wp-content\/uploads\/2026\/08\/legal-professional-with-scales-of-justice-and-gave-2026-01-09-00-56-20-utc-1-2048x1365.jpg 2048w, https:\/\/imparte.org\/wp-content\/uploads\/2026\/08\/legal-professional-with-scales-of-justice-and-gave-2026-01-09-00-56-20-utc-1-18x12.jpg 18w\" sizes=\"(max-width: 2560px) 100vw, 2560px\" \/><\/a><\/figure><div class=\"elementor-image-box-content\"><h3 class=\"elementor-image-box-title\"><a href=\"https:\/\/library.elementor.com\/local-services-wireframe-3-flexbox\/services\/#service1\">Investigaci\u00f3n y Transparencia<\/a><\/h3><p class=\"elementor-image-box-description\">Llevamos a cabo investigaciones judiciales verificadas que comparan resultados en casos similares, aportando rendici\u00f3n de cuentas sobre c\u00f3mo se administra la justicia.<\/p><\/div><\/div>\t\t\t\t<\/div>\n\t\t\t\t<\/div>\n\t\t<div class=\"elementor-element elementor-element-208e0f40 e-con-full e-flex e-con e-child\" data-id=\"208e0f40\" data-element_type=\"container\" data-e-type=\"container\">\n\t\t\t\t<div class=\"elementor-element elementor-element-54f33611 elementor-position-top elementor-widget elementor-widget-image-box\" data-id=\"54f33611\" data-element_type=\"widget\" data-e-type=\"widget\" data-widget_type=\"image-box.default\">\n\t\t\t\t\t<div class=\"elementor-image-box-wrapper\"><figure class=\"elementor-image-box-img\"><a href=\"https:\/\/library.elementor.com\/local-services-wireframe-3-flexbox\/services\/#service2\" tabindex=\"-1\"><img loading=\"lazy\" decoding=\"async\" width=\"2560\" height=\"1707\" src=\"https:\/\/imparte.org\/wp-content\/uploads\/2026\/07\/justice-scales-statue-with-books-and-legal-documen-2026-01-09-07-14-35-utc-1-scaled.jpg\" class=\"attachment-full size-full wp-image-235\" alt=\"\" srcset=\"https:\/\/imparte.org\/wp-content\/uploads\/2026\/07\/justice-scales-statue-with-books-and-legal-documen-2026-01-09-07-14-35-utc-1-scaled.jpg 2560w, https:\/\/imparte.org\/wp-content\/uploads\/2026\/07\/justice-scales-statue-with-books-and-legal-documen-2026-01-09-07-14-35-utc-1-300x200.jpg 300w, https:\/\/imparte.org\/wp-content\/uploads\/2026\/07\/justice-scales-statue-with-books-and-legal-documen-2026-01-09-07-14-35-utc-1-1024x683.jpg 1024w, https:\/\/imparte.org\/wp-content\/uploads\/2026\/07\/justice-scales-statue-with-books-and-legal-documen-2026-01-09-07-14-35-utc-1-768x512.jpg 768w, https:\/\/imparte.org\/wp-content\/uploads\/2026\/07\/justice-scales-statue-with-books-and-legal-documen-2026-01-09-07-14-35-utc-1-1536x1024.jpg 1536w, https:\/\/imparte.org\/wp-content\/uploads\/2026\/07\/justice-scales-statue-with-books-and-legal-documen-2026-01-09-07-14-35-utc-1-2048x1365.jpg 2048w\" sizes=\"(max-width: 2560px) 100vw, 2560px\" \/><\/a><\/figure><div class=\"elementor-image-box-content\"><h3 class=\"elementor-image-box-title\"><a href=\"https:\/\/library.elementor.com\/local-services-wireframe-3-flexbox\/services\/#service2\">Defensa y Reforma<\/a><\/h3><p class=\"elementor-image-box-description\">Impulsamos un cambio sist\u00e9mico y pol\u00edticas que hagan el sistema legal penal m\u00e1s justo, proporcional y basado en evidencia.<\/p><\/div><\/div>\t\t\t\t<\/div>\n\t\t\t\t<\/div>\n\t\t<div class=\"elementor-element elementor-element-4951f18a e-con-full e-flex e-con e-child\" data-id=\"4951f18a\" data-element_type=\"container\" data-e-type=\"container\">\n\t\t\t\t<div class=\"elementor-element elementor-element-25846d51 elementor-position-top elementor-widget elementor-widget-image-box\" data-id=\"25846d51\" data-element_type=\"widget\" data-e-type=\"widget\" data-widget_type=\"image-box.default\">\n\t\t\t\t\t<div class=\"elementor-image-box-wrapper\"><figure class=\"elementor-image-box-img\"><a href=\"https:\/\/library.elementor.com\/local-services-wireframe-3-flexbox\/services\/#service3\" tabindex=\"-1\"><img loading=\"lazy\" decoding=\"async\" width=\"2560\" height=\"1709\" src=\"https:\/\/imparte.org\/wp-content\/uploads\/2026\/07\/cropped-view-of-judge-in-judicial-robe-sitting-at-2026-03-25-10-24-46-utc-1-scaled.jpg\" class=\"attachment-full size-full wp-image-237\" alt=\"\" srcset=\"https:\/\/imparte.org\/wp-content\/uploads\/2026\/07\/cropped-view-of-judge-in-judicial-robe-sitting-at-2026-03-25-10-24-46-utc-1-scaled.jpg 2560w, https:\/\/imparte.org\/wp-content\/uploads\/2026\/07\/cropped-view-of-judge-in-judicial-robe-sitting-at-2026-03-25-10-24-46-utc-1-300x200.jpg 300w, https:\/\/imparte.org\/wp-content\/uploads\/2026\/07\/cropped-view-of-judge-in-judicial-robe-sitting-at-2026-03-25-10-24-46-utc-1-1024x683.jpg 1024w, https:\/\/imparte.org\/wp-content\/uploads\/2026\/07\/cropped-view-of-judge-in-judicial-robe-sitting-at-2026-03-25-10-24-46-utc-1-768x513.jpg 768w, https:\/\/imparte.org\/wp-content\/uploads\/2026\/07\/cropped-view-of-judge-in-judicial-robe-sitting-at-2026-03-25-10-24-46-utc-1-1536x1025.jpg 1536w, https:\/\/imparte.org\/wp-content\/uploads\/2026\/07\/cropped-view-of-judge-in-judicial-robe-sitting-at-2026-03-25-10-24-46-utc-1-2048x1367.jpg 2048w\" sizes=\"(max-width: 2560px) 100vw, 2560px\" \/><\/a><\/figure><div class=\"elementor-image-box-content\"><h3 class=\"elementor-image-box-title\"><a href=\"https:\/\/library.elementor.com\/local-services-wireframe-3-flexbox\/services\/#service3\">Reforma de sentencias<\/a><\/h3><p class=\"elementor-image-box-description\">Trabajamos para terminar con las sentencias desproporcionadas y asegurar que el trauma, la discapacidad y las experiencias vividas cuenten como factores de mitigaci\u00f3n reales.\n\n<\/p><\/div><\/div>\t\t\t\t<\/div>\n\t\t\t\t<\/div>\n\t\t<div class=\"elementor-element elementor-element-1856c2ea e-con-full e-flex e-con e-child\" data-id=\"1856c2ea\" data-element_type=\"container\" data-e-type=\"container\">\n\t\t\t\t<div class=\"elementor-element elementor-element-761ad57f elementor-position-top elementor-widget elementor-widget-image-box\" data-id=\"761ad57f\" data-element_type=\"widget\" data-e-type=\"widget\" data-widget_type=\"image-box.default\">\n\t\t\t\t\t<div class=\"elementor-image-box-wrapper\"><figure class=\"elementor-image-box-img\"><a href=\"https:\/\/library.elementor.com\/local-services-wireframe-3-flexbox\/services\/#service4\" tabindex=\"-1\"><img loading=\"lazy\" decoding=\"async\" width=\"2560\" height=\"1440\" src=\"https:\/\/imparte.org\/wp-content\/uploads\/2026\/07\/open-book-on-table-back-to-school-2026-01-07-05-45-51-utc-1-scaled.jpg\" class=\"attachment-full size-full wp-image-239\" alt=\"\" srcset=\"https:\/\/imparte.org\/wp-content\/uploads\/2026\/07\/open-book-on-table-back-to-school-2026-01-07-05-45-51-utc-1-scaled.jpg 2560w, https:\/\/imparte.org\/wp-content\/uploads\/2026\/07\/open-book-on-table-back-to-school-2026-01-07-05-45-51-utc-1-300x169.jpg 300w, https:\/\/imparte.org\/wp-content\/uploads\/2026\/07\/open-book-on-table-back-to-school-2026-01-07-05-45-51-utc-1-1024x576.jpg 1024w, https:\/\/imparte.org\/wp-content\/uploads\/2026\/07\/open-book-on-table-back-to-school-2026-01-07-05-45-51-utc-1-768x432.jpg 768w, https:\/\/imparte.org\/wp-content\/uploads\/2026\/07\/open-book-on-table-back-to-school-2026-01-07-05-45-51-utc-1-1536x864.jpg 1536w, https:\/\/imparte.org\/wp-content\/uploads\/2026\/07\/open-book-on-table-back-to-school-2026-01-07-05-45-51-utc-1-2048x1152.jpg 2048w\" sizes=\"(max-width: 2560px) 100vw, 2560px\" \/><\/a><\/figure><div class=\"elementor-image-box-content\"><h3 class=\"elementor-image-box-title\"><a href=\"https:\/\/library.elementor.com\/local-services-wireframe-3-flexbox\/services\/#service4\">Soporte y Educaci\u00f3n<\/a><\/h3><p class=\"elementor-image-box-description\">Apoyamos a las personas y familias afectadas y creamos conciencia p\u00fablica a trav\u00e9s de la educaci\u00f3n y la participaci\u00f3n comunitaria.\n\n<\/p><\/div><\/div>\t\t\t\t<\/div>\n\t\t\t\t<\/div>\n\t\t\t\t<\/div>\n\t\t\t\t<\/div>\n\t\t<div class=\"elementor-element elementor-element-64602dce e-con-full e-flex e-con e-parent\" data-id=\"64602dce\" data-element_type=\"container\" data-e-type=\"container\">\n\t\t<div class=\"elementor-element elementor-element-13d7bffc e-con-full e-flex e-con e-child\" data-id=\"13d7bffc\" data-element_type=\"container\" data-e-type=\"container\">\n\t\t\t\t<div class=\"elementor-element elementor-element-541ca2e6 elementor-pagination-position-inside elementor-widget elementor-widget-image-carousel\" data-id=\"541ca2e6\" data-element_type=\"widget\" data-e-type=\"widget\" data-settings=\"{&quot;slides_to_show&quot;:&quot;1&quot;,&quot;navigation&quot;:&quot;dots&quot;,&quot;pause_on_hover&quot;:&quot;no&quot;,&quot;pause_on_interaction&quot;:&quot;no&quot;,&quot;autoplay&quot;:&quot;yes&quot;,&quot;autoplay_speed&quot;:5000,&quot;infinite&quot;:&quot;yes&quot;,&quot;effect&quot;:&quot;slide&quot;,&quot;speed&quot;:500}\" data-widget_type=\"image-carousel.default\">\n\t\t\t\t\t\t\t<div class=\"elementor-image-carousel-wrapper swiper\" role=\"region\" aria-roledescription=\"carousel\" aria-label=\"Carrusel de im\u00e1genes\" dir=\"ltr\">\n\t\t\t<div class=\"elementor-image-carousel swiper-wrapper swiper-image-stretch\" aria-live=\"off\">\n\t\t\t\t\t\t\t\t<div class=\"swiper-slide\" role=\"group\" aria-roledescription=\"slide\" aria-label=\"1 de 3\"><figure class=\"swiper-slide-inner\"><img decoding=\"async\" class=\"swiper-slide-image\" src=\"https:\/\/imparte.org\/wp-content\/uploads\/2026\/07\/close-up-of-prosecution-and-defense-sides-holding-2026-01-08-00-15-10-utc-1-scaled.jpg\" alt=\"close-up-of-prosecution-and-defense-sides-holding-2026-01-08-00-15-10-utc (1)\" \/><\/figure><\/div><div class=\"swiper-slide\" role=\"group\" aria-roledescription=\"slide\" aria-label=\"2 de 3\"><figure class=\"swiper-slide-inner\"><img decoding=\"async\" class=\"swiper-slide-image\" src=\"https:\/\/imparte.org\/wp-content\/uploads\/2026\/07\/group-of-hands-piled-together-in-unity-2026-03-17-21-29-38-utc-1-scaled.jpg\" alt=\"group-of-hands-piled-together-in-unity-2026-03-17-21-29-38-utc (1)\" \/><\/figure><\/div><div class=\"swiper-slide\" role=\"group\" aria-roledescription=\"slide\" aria-label=\"3 de 3\"><figure class=\"swiper-slide-inner\"><img decoding=\"async\" class=\"swiper-slide-image\" src=\"https:\/\/imparte.org\/wp-content\/uploads\/2026\/07\/young-woman-hugging-person-during-group-gathering-2026-07-09-21-13-38-utc-1-scaled.jpg\" alt=\"young-woman-hugging-person-during-group-gathering-2026-07-09-21-13-38-utc (1)\" \/><\/figure><\/div>\t\t\t<\/div>\n\t\t\t\t\t\t\t\n\t\t\t\t\t\t\t\t\t<div class=\"swiper-pagination\"><\/div>\n\t\t\t\t\t\t\t\t\t<\/div>\n\t\t\t\t\t\t<\/div>\n\t\t\t\t<\/div>\n\t\t<div class=\"elementor-element elementor-element-2bc4d7a2 e-con-full e-flex e-con e-child\" data-id=\"2bc4d7a2\" data-element_type=\"container\" data-e-type=\"container\">\n\t\t\t\t<div class=\"elementor-element elementor-element-1f08210a elementor-widget elementor-widget-heading\" data-id=\"1f08210a\" data-element_type=\"widget\" data-e-type=\"widget\" data-widget_type=\"heading.default\">\n\t\t\t\t\t<h2 class=\"elementor-heading-title elementor-size-default\">Detr\u00e1s de cada caso hay una persona<\/h2>\t\t\t\t<\/div>\n\t\t\t\t<div class=\"elementor-element elementor-element-f2744ef elementor-widget__width-initial elementor-widget elementor-widget-text-editor\" data-id=\"f2744ef\" data-element_type=\"widget\" data-e-type=\"widget\" data-widget_type=\"text-editor.default\">\n\t\t\t\t\t\t\t\t\t<p class=\"im-p\">Cuando das a IMPARTE, apoyas a una familia que se enfrenta a un sistema que rara vez las apoya. Tu apoyo impulsa la investigaci\u00f3n, la promoci\u00f3n y la educaci\u00f3n que convierten casos individuales en reformas duraderas, y ayudan a que la justicia refleje dignidad, no circunstancias.<\/p>\t\t\t\t\t\t\t\t<\/div>\n\t\t\t\t<div class=\"elementor-element elementor-element-7824db44 elementor-align-left elementor-mobile-align-center elementor-invisible elementor-widget elementor-widget-button\" data-id=\"7824db44\" data-element_type=\"widget\" data-e-type=\"widget\" data-settings=\"{&quot;_animation&quot;:&quot;fadeInDown&quot;}\" data-widget_type=\"button.default\">\n\t\t\t\t\t\t\t\t\t\t<a class=\"elementor-button elementor-button-link elementor-size-sm\" href=\"https:\/\/imparte.org\/es\/contact-us\/\">\n\t\t\t\t\t\t<span class=\"elementor-button-content-wrapper\">\n\t\t\t\t\t\t\t\t\t<span class=\"elementor-button-text\">Dona hoy<\/span>\n\t\t\t\t\t<\/span>\n\t\t\t\t\t<\/a>\n\t\t\t\t\t\t\t\t<\/div>\n\t\t\t\t<\/div>\n\t\t\t\t<\/div>\n\t\t<div class=\"elementor-element elementor-element-2be0334e e-con-full e-flex e-con e-parent\" data-id=\"2be0334e\" data-element_type=\"container\" data-e-type=\"container\">\n\t\t<div class=\"elementor-element elementor-element-11048b3f e-con-full e-flex e-con e-child\" data-id=\"11048b3f\" data-element_type=\"container\" data-e-type=\"container\">\n\t\t\t\t<div class=\"elementor-element elementor-element-13ed2a44 elementor-widget elementor-widget-heading\" data-id=\"13ed2a44\" data-element_type=\"widget\" data-e-type=\"widget\" data-widget_type=\"heading.default\">\n\t\t\t\t\t<h2 class=\"elementor-heading-title elementor-size-default\">El cambio no ocurre por s\u00ed solo\n<\/h2>\t\t\t\t<\/div>\n\t\t\t\t<div class=\"elementor-element elementor-element-35800d87 elementor-widget__width-initial elementor-widget elementor-widget-text-editor\" data-id=\"35800d87\" data-element_type=\"widget\" data-e-type=\"widget\" data-widget_type=\"text-editor.default\">\n\t\t\t\t\t\t\t\t\t<p class=\"ct-p\">La reforma requiere investigaci\u00f3n, promoci\u00f3n y personas dispuestas a respaldarla. Su donaci\u00f3n hoy ayuda a IMPARTE a seguir luchando por un sistema de justicia justo, humano y responsable, para las personas que m\u00e1s lo necesitan.<\/p>\t\t\t\t\t\t\t\t<\/div>\n\t\t\t\t<div class=\"elementor-element elementor-element-1f466f0f elementor-align-left elementor-invisible elementor-widget elementor-widget-button\" data-id=\"1f466f0f\" data-element_type=\"widget\" data-e-type=\"widget\" data-settings=\"{&quot;_animation&quot;:&quot;fadeInDown&quot;}\" data-widget_type=\"button.default\">\n\t\t\t\t\t\t\t\t\t\t<a class=\"elementor-button elementor-button-link elementor-size-sm\" href=\"https:\/\/imparte.org\/es\/contact-us\/\">\n\t\t\t\t\t\t<span class=\"elementor-button-content-wrapper\">\n\t\t\t\t\t\t\t\t\t<span class=\"elementor-button-text\">Dona hoy<\/span>\n\t\t\t\t\t<\/span>\n\t\t\t\t\t<\/a>\n\t\t\t\t\t\t\t\t<\/div>\n\t\t\t\t<\/div>\n\t\t<div class=\"elementor-element elementor-element-1b9de1b9 e-con-full e-flex e-con e-child\" data-id=\"1b9de1b9\" data-element_type=\"container\" data-e-type=\"container\">\n\t\t\t\t<div class=\"elementor-element elementor-element-54abbd6b elementor-widget elementor-widget-image\" data-id=\"54abbd6b\" data-element_type=\"widget\" data-e-type=\"widget\" data-widget_type=\"image.default\">\n\t\t\t\t\t\t\t\t\t\t\t\t\t\t\t<img loading=\"lazy\" decoding=\"async\" width=\"800\" height=\"534\" src=\"https:\/\/imparte.org\/wp-content\/uploads\/2026\/07\/two-hands-reaching-out-to-each-other-2026-03-27-01-52-17-utc-1-1024x683.jpg\" class=\"attachment-large size-large wp-image-137\" alt=\"\" srcset=\"https:\/\/imparte.org\/wp-content\/uploads\/2026\/07\/two-hands-reaching-out-to-each-other-2026-03-27-01-52-17-utc-1-1024x683.jpg 1024w, https:\/\/imparte.org\/wp-content\/uploads\/2026\/07\/two-hands-reaching-out-to-each-other-2026-03-27-01-52-17-utc-1-300x200.jpg 300w, https:\/\/imparte.org\/wp-content\/uploads\/2026\/07\/two-hands-reaching-out-to-each-other-2026-03-27-01-52-17-utc-1-768x512.jpg 768w, https:\/\/imparte.org\/wp-content\/uploads\/2026\/07\/two-hands-reaching-out-to-each-other-2026-03-27-01-52-17-utc-1-1536x1024.jpg 1536w, https:\/\/imparte.org\/wp-content\/uploads\/2026\/07\/two-hands-reaching-out-to-each-other-2026-03-27-01-52-17-utc-1-2048x1365.jpg 2048w\" sizes=\"(max-width: 800px) 100vw, 800px\" \/>\t\t\t\t\t\t\t\t\t\t\t\t\t\t\t<\/div>\n\t\t\t\t<\/div>\n\t\t\t\t<\/div>\n\t\t\t\t<\/div>","protected":false},"excerpt":{"rendered":"<p>Advancing equitable justice through advocacy and reform IMPARTE advances fair sentencing and criminal justice reform through community education, advocacy, and evidence-based research, standing with the individuals and families the system leaves behind. Contact Us Why IMPARTE exists IMPARTE is a nonprofit advancing equitable justice through community education, advocacy, and systemic reform. We exist because outcomes [&hellip;]<\/p>\n","protected":false},"author":1,"featured_media":45,"parent":0,"menu_order":0,"comment_status":"closed","ping_status":"closed","template":"elementor_header_footer","meta":{"footnotes":""},"class_list":["post-40","page","type-page","status-publish","has-post-thumbnail","hentry"],"_hostinger_reach_plugin_has_subscription_block":false,"_hostinger_reach_plugin_is_elementor":false,"_links":{"self":[{"href":"https:\/\/imparte.org\/es\/wp-json\/wp\/v2\/pages\/40","targetHints":{"allow":["GET"]}}],"collection":[{"href":"https:\/\/imparte.org\/es\/wp-json\/wp\/v2\/pages"}],"about":[{"href":"https:\/\/imparte.org\/es\/wp-json\/wp\/v2\/types\/page"}],"author":[{"embeddable":true,"href":"https:\/\/imparte.org\/es\/wp-json\/wp\/v2\/users\/1"}],"replies":[{"embeddable":true,"href":"https:\/\/imparte.org\/es\/wp-json\/wp\/v2\/comments?post=40"}],"version-history":[{"count":106,"href":"https:\/\/imparte.org\/es\/wp-json\/wp\/v2\/pages\/40\/revisions"}],"predecessor-version":[{"id":402,"href":"https:\/\/imparte.org\/es\/wp-json\/wp\/v2\/pages\/40\/revisions\/402"}],"wp:featuredmedia":[{"embeddable":true,"href":"https:\/\/imparte.org\/es\/wp-json\/wp\/v2\/media\/45"}],"wp:attachment":[{"href":"https:\/\/imparte.org\/es\/wp-json\/wp\/v2\/media?parent=40"}],"curies":[{"name":"wp","href":"https:\/\/api.w.org\/{rel}","templated":true}]}}